{"id":6017,"date":"2024-11-06T16:55:15","date_gmt":"2024-11-06T15:55:15","guid":{"rendered":"https:\/\/www.maison-boissiere.com\/?page_id=6017"},"modified":"2024-12-05T15:37:07","modified_gmt":"2024-12-05T14:37:07","slug":"carta-rgpd","status":"publish","type":"page","link":"https:\/\/www.maison-boissiere.com\/es\/carta-rgpd\/","title":{"rendered":"Carta RGPD"},"content":{"rendered":"\n<p>Paris Residence &amp; Club (en adelante, \u00abPRC\u00bb) otorga gran importancia a la protecci\u00f3n y respeto de la privacidad y los datos de car\u00e1cter personal (\u00abdatos personales\u00bb) de los usuarios de su sitio web (en adelante, el \u00absitio\u00bb).<\/p>\n\n\n\n<p>PRC se compromete a implementar las medidas adecuadas para garantizar la protecci\u00f3n, confidencialidad y seguridad de los datos personales, de conformidad con la normativa vigente en francia y en la uni\u00f3n europea, en particular el reglamento general de protecci\u00f3n de datos personales ue 2016\/679 del 27 de abril de 2016 y las reglas nacionales adoptadas para su aplicaci\u00f3n.<\/p>\n\n\n\n<p>Los usuarios son informados mediante la presente carta (la \u00abcarta\u00bb) de las pr\u00e1cticas y tratamientos relacionados con la recogida y uso de sus datos personales por parte de prc como responsable del tratamiento.<\/p>\n\n\n\n<p>Por lo tanto, prc invita a los usuarios a leer detenidamente este documento para conocer y comprender los tratamientos aplicables a sus datos personales.<\/p>\n\n\n\n<p>Se precisa que al navegar en el sitio, los usuarios aceptan la presente carta as\u00ed como los t\u00e9rminos y condiciones generales de uso.<\/p>\n\n\n\n<p><h2>Art\u00edculo 1. Datos personales recopilados<\/h2><\/p>\n\n\n\n<p>Los usuarios pueden proporcionar sus datos personales de forma digital al utilizar el sitio.<\/p>\n\n\n\n<p><em>1.1. Principios aplicables a la recogida de datos personales<\/em><\/p>\n\n\n\n<p>En general, los usuarios pueden navegar por el sitio sin necesidad de proporcionar sus datos personales a prc.<\/p>\n\n\n\n<p>Prc solo recopila los datos personales necesarios para los tratamientos que implementa (\u00abprivacidad desde el dise\u00f1o\u00bb) y asegura un alto nivel de protecci\u00f3n (\u00abprivacidad por defecto\u00bb). Los tratamientos que requieren la recogida de datos son los siguientes:<\/p>\n\n\n\n<p>Responder a solicitudes de informaci\u00f3n sobre maison boissi\u00e8re;<\/p>\n\n\n\n<p>Ejecutar un mandato confiado por los usuarios;<\/p>\n\n\n\n<p>Participar en encuestas para mejorar la relaci\u00f3n y experiencia del cliente de maison boissi\u00e8re;<\/p>\n\n\n\n<p>Enviar boletines informativos (\u00abnewsletters\u00bb), correos informativos o comerciales;<\/p>\n\n\n\n<p>Postularse a ofertas de empleo.<\/p>\n\n\n\n<p>En estos casos, la informaci\u00f3n personal recopilada incluye, al menos: (i) nombre(s), (ii) apellido(s), (iii) direcci\u00f3n de correo electr\u00f3nico, (iv) n\u00famero de tel\u00e9fono, (v) direcci\u00f3n postal, (vi) pa\u00eds.<\/p>\n\n\n\n<p>Estos datos personales se conservan el tiempo necesario para responder a la solicitud de los usuarios. Si no se lleva a cabo una acci\u00f3n concreta, se eliminan dentro de los plazos recomendados por la cnil, es decir, despu\u00e9s de tres a\u00f1os desde su recogida en el sitio, sujetos a las posibilidades y obligaciones legales en materia de archivo, conservaci\u00f3n de ciertos datos y\/o anonimizaci\u00f3n.<\/p>\n\n\n\n<p><em>1.2. Informaci\u00f3n de navegaci\u00f3n de los usuarios del sitio<\/em><\/p>\n\n\n\n<p>Durante el uso del sitio o de ciertos servicios relacionados, se recogen autom\u00e1ticamente algunos datos, como: (i) direcci\u00f3n ip, (ii) referencia del navegador utilizado, (iii) datos de navegaci\u00f3n (fecha, hora, contenido consultado, t\u00e9rminos de b\u00fasqueda, etc.), (iv) sistema operativo.<\/p>\n\n\n\n<p>Entre las tecnolog\u00edas utilizadas para recopilar esta informaci\u00f3n, maison boissi\u00e8re puede utilizar \u00absesiones php\u00bb que almacenan los datos de cada usuario a trav\u00e9s de un identificador de sesi\u00f3n \u00fanico. Estas sesiones php conservan los datos en memoria solo durante la duraci\u00f3n de la navegaci\u00f3n del usuario.<\/p>\n\n\n\n<p>Los datos recogidos durante la navegaci\u00f3n se eliminan al cerrar el navegador del usuario o, en su caso, en un plazo m\u00e1ximo de trece meses desde su recogida.<\/p>\n\n\n\n<p><h2>Art\u00edculo 2. Base legal de la recogida y tratamiento de los datos personales<\/h2><\/p>\n\n\n\n<p>Los datos personales son tratados por prc en los casos autorizados por la normativa vigente y bajo las siguientes condiciones:<\/p>\n\n\n\n<p>Obtenci\u00f3n del consentimiento libre, espec\u00edfico, informado e inequ\u00edvoco de los usuarios para el tratamiento de sus datos personales (se precisa que, para menores de 18 a\u00f1os, el consentimiento debe ser otorgado por el representante legal);<\/p>\n\n\n\n<p>Recogida de los datos personales necesarios para la ejecuci\u00f3n de las solicitudes de los usuarios;<\/p>\n\n\n\n<p>Cumplimiento de las obligaciones legales y\/o reglamentarias impuestas a prc (como la lucha contra el fraude y la corrupci\u00f3n);<\/p>\n\n\n\n<p>Protecci\u00f3n de los intereses leg\u00edtimos de prc (como la seguridad de su red inform\u00e1tica).<\/p>\n\n\n\n<p><h2>Art\u00edculo 3. Destinatarios de los datos personales recogidos<\/h2><\/p>\n\n\n\n<p>Solo el personal autorizado del grupo y los proveedores de servicios de prc pueden acceder a los datos personales recogidos y tratarlos, sin perjuicio de su transmisi\u00f3n a organismos encargados de una misi\u00f3n de control o inspecci\u00f3n, de conformidad con la legislaci\u00f3n y\/o reglamentaci\u00f3n vigente o para responder a una decisi\u00f3n judicial o administrativa.<\/p>\n\n\n\n<p>El personal autorizado est\u00e1 sujeto a una obligaci\u00f3n de confidencialidad.<\/p>\n\n\n\n<p>PRC se compromete a no vender los datos personales recogidos a terceros.<\/p>\n\n\n\n<p><h2>Art\u00edculo 4. Transferencia de datos personales<\/h2><\/p>\n\n\n\n<p>Los datos personales recogidos de los usuarios del sitio se almacenan exclusivamente en francia y no se transfieren fuera de la uni\u00f3n europea.<\/p>\n\n\n\n<p>En caso de recurrir a filiales o proveedores ubicados fuera de la uni\u00f3n europea, prc se compromete a verificar que se han implementado medidas apropiadas para que los datos personales de los usuarios gozan de un nivel adecuado de protecci\u00f3n.<\/p>\n\n\n\n<p>________________________________________<\/p>\n\n\n\n<p><h2>Art\u00edculo 5. Seguridad de los datos<\/h2><\/p>\n\n\n\n<p>Prc recoge y trata los datos personales de los usuarios con la mayor confidencialidad y de conformidad con las leyes aplicables. Los usuarios est\u00e1n protegidos contra el acceso no autorizado, la modificaci\u00f3n, la divulgaci\u00f3n o la destrucci\u00f3n de sus datos personales.<\/p>\n\n\n\n<p>Cuando sea necesario y autorizado divulgar datos personales a terceros, prc se asegura de que estos garanticen el mismo nivel de protecci\u00f3n que ofrece prc y exige garant\u00edas contractuales para que los datos sean tratados \u00fanicamente para los fines aprobados por los usuarios, con la debida confidencialidad y seguridad.<\/p>\n\n\n\n<p>PRC implementa medidas t\u00e9cnicas y organizativas para garantizar que el almacenamiento de los datos personales sea seguro y por el tiempo necesario para los fines previstos.<\/p>\n\n\n\n<p>Se informa a los usuarios que ninguna tecnolog\u00eda de transmisi\u00f3n o almacenamiento es completamente infalible.<\/p>\n\n\n\n<p>Por lo tanto, en caso de una violaci\u00f3n probada de los datos personales que pueda generar un alto riesgo para los derechos y libertades de los usuarios, prc informar\u00e1 a la autoridad de control competente.<\/p>\n\n\n\n<p>Corresponde a los usuarios ser cautos para evitar el acceso no autorizado a sus datos personales y, en particular, a sus dispositivos inform\u00e1ticos y digitales (ordenador, smartphone, tableta, entre otros).<\/p>\n\n\n\n<p>________________________________________<\/p>\n\n\n\n<p><h2>Art\u00edculo 6. Enlaces a otros sitios web<\/h2><\/p>\n\n\n\n<p>El sitio puede ocasionalmente contener enlaces a sitios de socios o de empresas terceras que tienen su propia pol\u00edtica de protecci\u00f3n de datos.<\/p>\n\n\n\n<p>PRC no ejerce ning\u00fan control sobre el contenido de estos sitios y renuncia a cualquier responsabilidad relativa al uso que se pueda hacer de la informaci\u00f3n recopilada cuando los usuarios hacen clic en estos enlaces.<\/p>\n\n\n\n<p>PRC invita a los usuarios a tomar conocimiento de las pol\u00edticas de protecci\u00f3n de datos implementadas por los editores de estos sitios antes de transmitirles cualquier informaci\u00f3n personal.<\/p>\n\n\n\n<p>________________________________________<\/p>\n\n\n\n<p><h2>Art\u00edculo 7. Derechos de los usuarios<\/h2><\/p>\n\n\n\n<p>Se informa a los usuarios que disponen de los siguientes derechos, salvo las limitaciones previstas por la legislaci\u00f3n vigente:<\/p>\n\n\n\n<p><em>7.1. Derecho a la informaci\u00f3n sobre el tratamiento de datos personales<\/em><\/p>\n\n\n\n<p>PRC se compromete a proporcionar informaci\u00f3n concisa, transparente y accesible sobre las condiciones de tratamiento de los datos personales de los usuarios.<\/p>\n\n\n\n<p><em>7.2. Derecho de acceso a los datos personales<\/em><\/p>\n\n\n\n<p>Cada usuario puede acceder a los datos personales tratados por prc y tiene derecho a recibir una copia en formato electr\u00f3nico (para cualquier copia adicional, prc tiene derecho a exigir el pago de gastos basados en los costes administrativos incurridos).<\/p>\n\n\n\n<p><em>7.3. Derecho a la supresi\u00f3n (\u201cderecho al olvido\u201d) y a la rectificaci\u00f3n de los datos personales<\/em><\/p>\n\n\n\n<p>Cada usuario tiene derecho a solicitar la supresi\u00f3n y\/o rectificaci\u00f3n de los datos personales que le conciernan cuando estos sean incorrectos o est\u00e9n obsoletos.<\/p>\n\n\n\n<p>Se especifica que PRC puede conservar determinados datos personales cuando lo exija la ley o por un motivo leg\u00edtimo.<\/p>\n\n\n\n<p><em>7.4. Derecho de oposici\u00f3n<\/em><\/p>\n\n\n\n<p>Los usuarios pueden oponerse en cualquier momento, por motivos leg\u00edtimos:<\/p>\n\n\n\n<p>\u2022&nbsp;&nbsp;&nbsp;&nbsp;&nbsp;&nbsp;&nbsp;&nbsp;&nbsp;&nbsp;&nbsp;&nbsp; al uso de sus datos personales para fines de marketing directo, o<\/p>\n\n\n\n<p>\u2022&nbsp;&nbsp;&nbsp;&nbsp;&nbsp;&nbsp;&nbsp;&nbsp;&nbsp;&nbsp;&nbsp;&nbsp; a la reutilizaci\u00f3n de sus datos personales para tratamientos diferentes de los convenidos, excepto en el marco del cumplimiento por parte de prc de una de sus obligaciones legales.<\/p>\n\n\n\n<p><em>7.5. Derecho a limitar el tratamiento de los datos personales<\/em><\/p>\n\n\n\n<p>Los usuarios tienen derecho a solicitar que el tratamiento de sus datos personales se limite a lo necesario. Este derecho solo se aplica en los siguientes casos:<\/p>\n\n\n\n<p>\u2022&nbsp;&nbsp;&nbsp;&nbsp;&nbsp;&nbsp;&nbsp;&nbsp;&nbsp;&nbsp;&nbsp;&nbsp; si el usuario cuestiona la exactitud de sus datos personales;<\/p>\n\n\n\n<p>\u2022&nbsp;&nbsp;&nbsp;&nbsp;&nbsp;&nbsp;&nbsp;&nbsp;&nbsp;&nbsp;&nbsp;&nbsp; si el usuario puede demostrar que el tratamiento de sus datos personales es ilegal y solicita una limitaci\u00f3n en su uso en lugar de su eliminaci\u00f3n;<\/p>\n\n\n\n<p>\u2022&nbsp;&nbsp;&nbsp;&nbsp;&nbsp;&nbsp;&nbsp;&nbsp;&nbsp;&nbsp;&nbsp;&nbsp; si prc ya no necesita los datos personales del usuario, pero a\u00fan son necesarios para que el usuario pueda establecer, ejercer o defender sus derechos;<\/p>\n\n\n\n<p>\u2022&nbsp;&nbsp;&nbsp;&nbsp;&nbsp;&nbsp;&nbsp;&nbsp;&nbsp;&nbsp;&nbsp;&nbsp; si el usuario se opone al tratamiento basado en el inter\u00e9s leg\u00edtimo del responsable del tratamiento, durante la verificaci\u00f3n de los motivos leg\u00edtimos alegados por el responsable del tratamiento.<\/p>\n\n\n\n<p>7.6. Derecho a presentar una queja ante una autoridad de control<\/p>\n\n\n\n<p>Si los usuarios consideran que los esfuerzos de prc para garantizar la confidencialidad de los datos personales no aseguran sus derechos, tienen la posibilidad de presentar una reclamaci\u00f3n ante la autoridad de control competente (cnil o cualquier otra autoridad enumerada en la lista disponible en la comisi\u00f3n europea).<\/p>\n\n\n\n<p><em>7.7. Derecho a la portabilidad de los datos personales<\/em><\/p>\n\n\n\n<p>Los usuarios tienen derecho a la portabilidad de sus datos, lo que les permite obtener de PRC sus datos personales en un formato estructurado, de uso com\u00fan y legible por m\u00e1quina y solicitar que dichos datos sean transferidos a otro responsable del tratamiento.<\/p>\n\n\n\n<p><em>7.8. Derecho a decidir el destino de los datos personales despu\u00e9s del fallecimiento<\/em><\/p>\n\n\n\n<p>Los usuarios tambi\u00e9n tienen derecho a organizar el destino de sus datos personales despu\u00e9s de su fallecimiento mediante la adopci\u00f3n de directivas generales o particulares que prc se compromete a respetar.<\/p>\n\n\n\n<p>En ausencia de tales directivas, prc reconoce a los herederos la posibilidad de ejercer ciertos derechos, en particular el derecho de acceso si es necesario para la resoluci\u00f3n de la sucesi\u00f3n del fallecido y el derecho de oposici\u00f3n.<\/p>\n\n\n\n<p><em>7.9. Modalidades de ejercicio de los derechos<\/em><\/p>\n\n\n\n<p>Para ejercer sus derechos, los usuarios est\u00e1n invitados a contactar al delegado de protecci\u00f3n de datos personales de prc siguiendo los procedimientos descritos en el art\u00edculo 10.<\/p>\n\n\n\n<p>Se especifica que, para asistir a los usuarios en su gesti\u00f3n, la cnil pone a su disposici\u00f3n modelos de cartas en su sitio web (www.cnil.fr).<\/p>\n\n\n\n<p>Antes de tramitar la(s) solicitud(es) del usuario, PRC puede verificar su identidad solicit\u00e1ndole un documento de identidad.<\/p>\n\n\n\n<p>El delegado de protecci\u00f3n de datos personales responder\u00e1 a la(s) solicitud(es) en el menor tiempo posible y, en todo caso, en un (1) mes desde la verificaci\u00f3n de la identidad.<\/p>\n\n\n\n<p>Cuando corresponda, este plazo puede prorrogarse por dos (2) meses adicionales debido a la complejidad y al n\u00famero de solicitudes. Prc se compromete a informar a los usuarios de esta pr\u00f3rroga y de los motivos del retraso.<\/p>\n\n\n\n<p><h2>Art\u00edculo 8. Modificaci\u00f3n de la pol\u00edtica de protecci\u00f3n de datos personales<\/h2><\/p>\n\n\n\n<p>PRC se reserva el derecho de realizar, en cualquier momento, modificaciones a esta pol\u00edtica de protecci\u00f3n de datos personales para cumplir con las evoluciones legislativas y reglamentarias y\/o para mejorar su pol\u00edtica de tratamiento y protecci\u00f3n de datos personales.<\/p>\n\n\n\n<p>En caso de modificaci\u00f3n, se actualizar\u00e1 una nueva versi\u00f3n que incluir\u00e1 la fecha de \u00ab\u00faltima actualizaci\u00f3n\u00bb.<\/p>\n\n\n\n<p><h2>Art\u00edculo 9. Ley aplicable y jurisdicci\u00f3n competente<\/h2><\/p>\n\n\n\n<p>La presente pol\u00edtica est\u00e1 sujeta a la ley francesa, incluyendo las disposiciones aplicables en materia de derecho internacional privado.<\/p>\n\n\n\n<p>En caso de ausencia de acuerdo amistoso, la competencia se atribuye a los tribunales de la corte de apelaci\u00f3n de par\u00eds, sin perjuicio de la pluralidad de demandados y\/o llamamiento en garant\u00eda, para conocer cualquier litigio relativo al uso del sitio y\/o a la validez, ejecuci\u00f3n e interpretaci\u00f3n de esta pol\u00edtica.<\/p>\n\n\n\n<p><h2>Art\u00edculo 10. Contacto<\/h2><\/p>\n\n\n\n<p>Para cualquier consulta relativa a la presente pol\u00edtica con fines de rectificaci\u00f3n, adici\u00f3n o actualizaci\u00f3n, los usuarios est\u00e1n invitados a contactar a prc:<\/p>\n\n\n\n<p>\u2022&nbsp;&nbsp;&nbsp;&nbsp;&nbsp;&nbsp;&nbsp;&nbsp;&nbsp;&nbsp;&nbsp;&nbsp; enviando un correo electr\u00f3nico al delegado de protecci\u00f3n de datos a dpo@barnes-international.com;<\/p>\n\n\n\n<p>\u2022&nbsp;&nbsp;&nbsp;&nbsp;&nbsp;&nbsp;&nbsp;&nbsp;&nbsp;&nbsp;&nbsp;&nbsp; o enviando una carta a la siguiente direcci\u00f3n: Barnes \u2013 a la atenci\u00f3n del delegado de protecci\u00f3n de datos \u2013 22 rue de l\u2019h\u00f4tel de ville \u2013 92200 Neuilly.<\/p>\n","protected":false},"excerpt":{"rendered":"<p>Paris Residence &amp; Club (en adelante, \u00abPRC\u00bb) otorga gran importancia a la protecci\u00f3n y respeto de la privacidad y los datos de car\u00e1cter personal (\u00abdatos personales\u00bb) de los usuarios de su sitio web (en adelante, el \u00absitio\u00bb). PRC se compromete a implementar las medidas adecuadas para garantizar la protecci\u00f3n, confidencialidad y seguridad de los datos [&hellip;]<\/p>\n","protected":false},"author":1,"featured_media":6026,"parent":0,"menu_order":45,"comment_status":"closed","ping_status":"closed","template":"","meta":{"_acf_changed":false,"inline_featured_image":false,"footnotes":""},"class_list":["post-6017","page","type-page","status-publish","has-post-thumbnail","hentry"],"acf":[],"yoast_head":"<!-- This site is optimized with the Yoast SEO plugin v27.3 - https:\/\/yoast.com\/product\/yoast-seo-wordpress\/ -->\n<title>Carta RGPD - Maison Boissi\u00e8re<\/title>\n<meta name=\"robots\" content=\"index, follow, max-snippet:-1, max-image-preview:large, max-video-preview:-1\" \/>\n<link rel=\"canonical\" href=\"https:\/\/www.maison-boissiere.com\/es\/carta-rgpd\/\" \/>\n<meta property=\"og:locale\" content=\"es_ES\" \/>\n<meta property=\"og:type\" content=\"article\" \/>\n<meta property=\"og:title\" content=\"Carta RGPD - Maison Boissi\u00e8re\" \/>\n<meta property=\"og:description\" content=\"Paris Residence &amp; Club (en adelante, \u00abPRC\u00bb) otorga gran importancia a la protecci\u00f3n y respeto de la privacidad y los datos de car\u00e1cter personal (\u00abdatos personales\u00bb) de los usuarios de su sitio web (en adelante, el \u00absitio\u00bb). PRC se compromete a implementar las medidas adecuadas para garantizar la protecci\u00f3n, confidencialidad y seguridad de los datos [&hellip;]\" \/>\n<meta property=\"og:url\" content=\"https:\/\/www.maison-boissiere.com\/es\/carta-rgpd\/\" \/>\n<meta property=\"og:site_name\" content=\"Maison Boissi\u00e8re\" \/>\n<meta property=\"article:modified_time\" content=\"2024-12-05T14:37:07+00:00\" \/>\n<meta property=\"og:image\" content=\"https:\/\/www.maison-boissiere.com\/wp-content\/uploads\/2024\/12\/privacy-policy-min.jpg\" \/>\n\t<meta property=\"og:image:width\" content=\"2560\" \/>\n\t<meta property=\"og:image:height\" content=\"676\" \/>\n\t<meta property=\"og:image:type\" content=\"image\/jpeg\" \/>\n<meta name=\"twitter:card\" content=\"summary_large_image\" \/>\n<meta name=\"twitter:label1\" content=\"Tiempo de lectura\" \/>\n\t<meta name=\"twitter:data1\" content=\"9 minutos\" \/>\n<script type=\"application\/ld+json\" class=\"yoast-schema-graph\">{\"@context\":\"https:\\\/\\\/schema.org\",\"@graph\":[{\"@type\":\"WebPage\",\"@id\":\"https:\\\/\\\/www.maison-boissiere.com\\\/es\\\/carta-rgpd\\\/\",\"url\":\"https:\\\/\\\/www.maison-boissiere.com\\\/es\\\/carta-rgpd\\\/\",\"name\":\"Carta RGPD - Maison Boissi\u00e8re\",\"isPartOf\":{\"@id\":\"https:\\\/\\\/www.maison-boissiere.com\\\/es\\\/#website\"},\"primaryImageOfPage\":{\"@id\":\"https:\\\/\\\/www.maison-boissiere.com\\\/es\\\/carta-rgpd\\\/#primaryimage\"},\"image\":{\"@id\":\"https:\\\/\\\/www.maison-boissiere.com\\\/es\\\/carta-rgpd\\\/#primaryimage\"},\"thumbnailUrl\":\"https:\\\/\\\/www.maison-boissiere.com\\\/wp-content\\\/uploads\\\/2024\\\/12\\\/privacy-policy-min.jpg\",\"datePublished\":\"2024-11-06T15:55:15+00:00\",\"dateModified\":\"2024-12-05T14:37:07+00:00\",\"breadcrumb\":{\"@id\":\"https:\\\/\\\/www.maison-boissiere.com\\\/es\\\/carta-rgpd\\\/#breadcrumb\"},\"inLanguage\":\"es\",\"potentialAction\":[{\"@type\":\"ReadAction\",\"target\":[\"https:\\\/\\\/www.maison-boissiere.com\\\/es\\\/carta-rgpd\\\/\"]}]},{\"@type\":\"ImageObject\",\"inLanguage\":\"es\",\"@id\":\"https:\\\/\\\/www.maison-boissiere.com\\\/es\\\/carta-rgpd\\\/#primaryimage\",\"url\":\"https:\\\/\\\/www.maison-boissiere.com\\\/wp-content\\\/uploads\\\/2024\\\/12\\\/privacy-policy-min.jpg\",\"contentUrl\":\"https:\\\/\\\/www.maison-boissiere.com\\\/wp-content\\\/uploads\\\/2024\\\/12\\\/privacy-policy-min.jpg\",\"width\":2560,\"height\":676},{\"@type\":\"BreadcrumbList\",\"@id\":\"https:\\\/\\\/www.maison-boissiere.com\\\/es\\\/carta-rgpd\\\/#breadcrumb\",\"itemListElement\":[{\"@type\":\"ListItem\",\"position\":1,\"name\":\"Bienvenida\",\"item\":\"https:\\\/\\\/www.maison-boissiere.com\\\/es\\\/home\\\/\"},{\"@type\":\"ListItem\",\"position\":2,\"name\":\"Carta RGPD\"}]},{\"@type\":\"WebSite\",\"@id\":\"https:\\\/\\\/www.maison-boissiere.com\\\/es\\\/#website\",\"url\":\"https:\\\/\\\/www.maison-boissiere.com\\\/es\\\/\",\"name\":\"Maison Boissi\u00e8re\",\"description\":\"Servicio de lujo Apartamento\",\"publisher\":{\"@id\":\"https:\\\/\\\/www.maison-boissiere.com\\\/es\\\/#organization\"},\"potentialAction\":[{\"@type\":\"SearchAction\",\"target\":{\"@type\":\"EntryPoint\",\"urlTemplate\":\"https:\\\/\\\/www.maison-boissiere.com\\\/es\\\/?s={search_term_string}\"},\"query-input\":{\"@type\":\"PropertyValueSpecification\",\"valueRequired\":true,\"valueName\":\"search_term_string\"}}],\"inLanguage\":\"es\"},{\"@type\":\"Organization\",\"@id\":\"https:\\\/\\\/www.maison-boissiere.com\\\/es\\\/#organization\",\"name\":\"Maison Boissi\u00e8re\",\"url\":\"https:\\\/\\\/www.maison-boissiere.com\\\/es\\\/\",\"logo\":{\"@type\":\"ImageObject\",\"inLanguage\":\"es\",\"@id\":\"https:\\\/\\\/www.maison-boissiere.com\\\/es\\\/#\\\/schema\\\/logo\\\/image\\\/\",\"url\":\"https:\\\/\\\/www.maison-boissiere.com\\\/wp-content\\\/uploads\\\/2024\\\/10\\\/Logo_MBOISSBR_WHT.svg\",\"contentUrl\":\"https:\\\/\\\/www.maison-boissiere.com\\\/wp-content\\\/uploads\\\/2024\\\/10\\\/Logo_MBOISSBR_WHT.svg\",\"width\":841,\"height\":595,\"caption\":\"Maison Boissi\u00e8re\"},\"image\":{\"@id\":\"https:\\\/\\\/www.maison-boissiere.com\\\/es\\\/#\\\/schema\\\/logo\\\/image\\\/\"}}]}<\/script>\n<!-- \/ Yoast SEO plugin. -->","yoast_head_json":{"title":"Carta RGPD - Maison Boissi\u00e8re","robots":{"index":"index","follow":"follow","max-snippet":"max-snippet:-1","max-image-preview":"max-image-preview:large","max-video-preview":"max-video-preview:-1"},"canonical":"https:\/\/www.maison-boissiere.com\/es\/carta-rgpd\/","og_locale":"es_ES","og_type":"article","og_title":"Carta RGPD - Maison Boissi\u00e8re","og_description":"Paris Residence &amp; Club (en adelante, \u00abPRC\u00bb) otorga gran importancia a la protecci\u00f3n y respeto de la privacidad y los datos de car\u00e1cter personal (\u00abdatos personales\u00bb) de los usuarios de su sitio web (en adelante, el \u00absitio\u00bb). PRC se compromete a implementar las medidas adecuadas para garantizar la protecci\u00f3n, confidencialidad y seguridad de los datos [&hellip;]","og_url":"https:\/\/www.maison-boissiere.com\/es\/carta-rgpd\/","og_site_name":"Maison Boissi\u00e8re","article_modified_time":"2024-12-05T14:37:07+00:00","og_image":[{"width":2560,"height":676,"url":"https:\/\/www.maison-boissiere.com\/wp-content\/uploads\/2024\/12\/privacy-policy-min.jpg","type":"image\/jpeg"}],"twitter_card":"summary_large_image","twitter_misc":{"Tiempo de lectura":"9 minutos"},"schema":{"@context":"https:\/\/schema.org","@graph":[{"@type":"WebPage","@id":"https:\/\/www.maison-boissiere.com\/es\/carta-rgpd\/","url":"https:\/\/www.maison-boissiere.com\/es\/carta-rgpd\/","name":"Carta RGPD - Maison Boissi\u00e8re","isPartOf":{"@id":"https:\/\/www.maison-boissiere.com\/es\/#website"},"primaryImageOfPage":{"@id":"https:\/\/www.maison-boissiere.com\/es\/carta-rgpd\/#primaryimage"},"image":{"@id":"https:\/\/www.maison-boissiere.com\/es\/carta-rgpd\/#primaryimage"},"thumbnailUrl":"https:\/\/www.maison-boissiere.com\/wp-content\/uploads\/2024\/12\/privacy-policy-min.jpg","datePublished":"2024-11-06T15:55:15+00:00","dateModified":"2024-12-05T14:37:07+00:00","breadcrumb":{"@id":"https:\/\/www.maison-boissiere.com\/es\/carta-rgpd\/#breadcrumb"},"inLanguage":"es","potentialAction":[{"@type":"ReadAction","target":["https:\/\/www.maison-boissiere.com\/es\/carta-rgpd\/"]}]},{"@type":"ImageObject","inLanguage":"es","@id":"https:\/\/www.maison-boissiere.com\/es\/carta-rgpd\/#primaryimage","url":"https:\/\/www.maison-boissiere.com\/wp-content\/uploads\/2024\/12\/privacy-policy-min.jpg","contentUrl":"https:\/\/www.maison-boissiere.com\/wp-content\/uploads\/2024\/12\/privacy-policy-min.jpg","width":2560,"height":676},{"@type":"BreadcrumbList","@id":"https:\/\/www.maison-boissiere.com\/es\/carta-rgpd\/#breadcrumb","itemListElement":[{"@type":"ListItem","position":1,"name":"Bienvenida","item":"https:\/\/www.maison-boissiere.com\/es\/home\/"},{"@type":"ListItem","position":2,"name":"Carta RGPD"}]},{"@type":"WebSite","@id":"https:\/\/www.maison-boissiere.com\/es\/#website","url":"https:\/\/www.maison-boissiere.com\/es\/","name":"Maison Boissi\u00e8re","description":"Servicio de lujo Apartamento","publisher":{"@id":"https:\/\/www.maison-boissiere.com\/es\/#organization"},"potentialAction":[{"@type":"SearchAction","target":{"@type":"EntryPoint","urlTemplate":"https:\/\/www.maison-boissiere.com\/es\/?s={search_term_string}"},"query-input":{"@type":"PropertyValueSpecification","valueRequired":true,"valueName":"search_term_string"}}],"inLanguage":"es"},{"@type":"Organization","@id":"https:\/\/www.maison-boissiere.com\/es\/#organization","name":"Maison Boissi\u00e8re","url":"https:\/\/www.maison-boissiere.com\/es\/","logo":{"@type":"ImageObject","inLanguage":"es","@id":"https:\/\/www.maison-boissiere.com\/es\/#\/schema\/logo\/image\/","url":"https:\/\/www.maison-boissiere.com\/wp-content\/uploads\/2024\/10\/Logo_MBOISSBR_WHT.svg","contentUrl":"https:\/\/www.maison-boissiere.com\/wp-content\/uploads\/2024\/10\/Logo_MBOISSBR_WHT.svg","width":841,"height":595,"caption":"Maison Boissi\u00e8re"},"image":{"@id":"https:\/\/www.maison-boissiere.com\/es\/#\/schema\/logo\/image\/"}}]}},"_links":{"self":[{"href":"https:\/\/www.maison-boissiere.com\/es\/wp-json\/wp\/v2\/pages\/6017","targetHints":{"allow":["GET"]}}],"collection":[{"href":"https:\/\/www.maison-boissiere.com\/es\/wp-json\/wp\/v2\/pages"}],"about":[{"href":"https:\/\/www.maison-boissiere.com\/es\/wp-json\/wp\/v2\/types\/page"}],"author":[{"embeddable":true,"href":"https:\/\/www.maison-boissiere.com\/es\/wp-json\/wp\/v2\/users\/1"}],"replies":[{"embeddable":true,"href":"https:\/\/www.maison-boissiere.com\/es\/wp-json\/wp\/v2\/comments?post=6017"}],"version-history":[{"count":5,"href":"https:\/\/www.maison-boissiere.com\/es\/wp-json\/wp\/v2\/pages\/6017\/revisions"}],"predecessor-version":[{"id":6110,"href":"https:\/\/www.maison-boissiere.com\/es\/wp-json\/wp\/v2\/pages\/6017\/revisions\/6110"}],"wp:featuredmedia":[{"embeddable":true,"href":"https:\/\/www.maison-boissiere.com\/es\/wp-json\/wp\/v2\/media\/6026"}],"wp:attachment":[{"href":"https:\/\/www.maison-boissiere.com\/es\/wp-json\/wp\/v2\/media?parent=6017"}],"curies":[{"name":"wp","href":"https:\/\/api.w.org\/{rel}","templated":true}]}}